{"id":387,"date":"2020-01-10T12:05:24","date_gmt":"2020-01-10T11:05:24","guid":{"rendered":"https:\/\/topscorer.qodeinteractive.com\/?page_id=387"},"modified":"2026-07-03T16:48:31","modified_gmt":"2026-07-03T19:48:31","slug":"noticias","status":"publish","type":"page","link":"https:\/\/mx1gpbrasil.alperprojetos.com.br\/index.php\/noticias\/","title":{"rendered":"Not\u00edcias"},"content":{"rendered":"<div class=\"wpb-content-wrapper\"><p>[vc_row][vc_column css=&#8221;.vc_custom_1584115011375{padding-bottom: 0px !important;}&#8221; column_responsive_padding_1440=&#8221;0 15px 40px&#8221;]<div class=\"qodef-shortcode qodef-m qodef-blog qodef-item-layout--standard-featured-image qodef-grid qodef-layout--columns qodef-gutter--normal qodef-col-num--2 qodef-item-layout--standard-featured-image qodef-pagination--on qodef-pagination-type--standard qodef-responsive--predefined\" data-options=\"{&quot;plugin&quot;:&quot;topscorer_core&quot;,&quot;module&quot;:&quot;blog\\\/shortcodes&quot;,&quot;shortcode&quot;:&quot;blog-list&quot;,&quot;post_type&quot;:&quot;post&quot;,&quot;next_page&quot;:&quot;2&quot;,&quot;max_pages_num&quot;:14,&quot;behavior&quot;:&quot;columns&quot;,&quot;images_proportion&quot;:&quot;full&quot;,&quot;columns&quot;:&quot;2&quot;,&quot;space&quot;:&quot;normal&quot;,&quot;columns_responsive&quot;:&quot;predefined&quot;,&quot;columns_1440&quot;:&quot;3&quot;,&quot;columns_1366&quot;:&quot;3&quot;,&quot;columns_1024&quot;:&quot;3&quot;,&quot;columns_768&quot;:&quot;3&quot;,&quot;columns_680&quot;:&quot;3&quot;,&quot;columns_480&quot;:&quot;3&quot;,&quot;posts_per_page&quot;:&quot;10&quot;,&quot;orderby&quot;:&quot;date&quot;,&quot;order&quot;:&quot;DESC&quot;,&quot;layout&quot;:&quot;standard-featured-image&quot;,&quot;title_tag&quot;:&quot;h3&quot;,&quot;excerpt_length&quot;:&quot;0&quot;,&quot;enable_share_on_blog_list&quot;:&quot;no&quot;,&quot;pagination_type&quot;:&quot;standard&quot;,&quot;object_class_name&quot;:&quot;TopScorerCoreBlogListShortcode&quot;,&quot;taxonomy_filter&quot;:&quot;category&quot;,&quot;additional_query_args&quot;:[],&quot;unique&quot;:9541,&quot;space_value&quot;:15}\">\n\t\t<div class=\"qodef-grid-inner clear\">\n\t\t<article class=\"qodef-e qodef-grid-item qodef-item--full post-73037 post type-post status-publish format-standard has-post-thumbnail hentry category-motocross\">\n    <div class=\"qodef-e-inner\">\n        <div class=\"qodef-e-media\">\n                <div class=\"qodef-e-media-image\">\n        <a itemprop=\"url\" href=\"https:\/\/mx1gpbrasil.alperprojetos.com.br\/index.php\/2026\/06\/30\/mx1gp-brasil-recebera-etapas-do-campeonato-sul-americano-de-motocross-mx1-mx2\/\" title=\"MX1GP Brasil receber\u00e1 etapas do Campeonato Sul-Americano de Motocross MX1\/MX2\">\n            <img loading=\"lazy\" decoding=\"async\" width=\"819\" height=\"1024\" src=\"https:\/\/mx1gpbrasil.alperprojetos.com.br\/wp-content\/uploads\/2026\/06\/WhatsApp-Image-2026-07-01-at-17.26.17-819x1024-1.jpeg\" class=\"attachment-full size-full wp-post-image\" alt=\"\" srcset=\"https:\/\/mx1gpbrasil.alperprojetos.com.br\/wp-content\/uploads\/2026\/06\/WhatsApp-Image-2026-07-01-at-17.26.17-819x1024-1.jpeg 819w, https:\/\/mx1gpbrasil.alperprojetos.com.br\/wp-content\/uploads\/2026\/06\/WhatsApp-Image-2026-07-01-at-17.26.17-819x1024-1-240x300.jpeg 240w, https:\/\/mx1gpbrasil.alperprojetos.com.br\/wp-content\/uploads\/2026\/06\/WhatsApp-Image-2026-07-01-at-17.26.17-819x1024-1-768x960.jpeg 768w, https:\/\/mx1gpbrasil.alperprojetos.com.br\/wp-content\/uploads\/2026\/06\/WhatsApp-Image-2026-07-01-at-17.26.17-819x1024-1-102x128.jpeg 102w, https:\/\/mx1gpbrasil.alperprojetos.com.br\/wp-content\/uploads\/2026\/06\/WhatsApp-Image-2026-07-01-at-17.26.17-819x1024-1-26x32.jpeg 26w, https:\/\/mx1gpbrasil.alperprojetos.com.br\/wp-content\/uploads\/2026\/06\/WhatsApp-Image-2026-07-01-at-17.26.17-819x1024-1-600x750.jpeg 600w\" sizes=\"auto, (max-width: 819px) 100vw, 819px\" \/>        <\/a>\n    <\/div>\n\n        <\/div>\n        <div class=\"qodef-e-content\">\n            <div class=\"qodef-e-info qodef-info--top\">\n                <div class=\"qodef-e-info-item qodef-e-info-category\">\n\t<a href=\"https:\/\/mx1gpbrasil.alperprojetos.com.br\/index.php\/category\/motocross\/\" rel=\"category tag\">MOTOCROSS<\/a><\/div>\n<div itemprop=\"dateCreated\" class=\"qodef-e-info-item qodef-e-info-date entry-date \">\n    <a itemprop=\"url\" href=\"https:\/\/mx1gpbrasil.alperprojetos.com.br\/index.php\/2026\/06\/\"\n       title=\"MX1GP Brasil receber\u00e1 etapas do Campeonato Sul-Americano de Motocross MX1\/MX2\">junho 30, 2026<\/a>\n    <meta itemprop=\"interactionCount\" content=\"UserComments: 0\"\/>\n<\/div>\n            <\/div>\n            <div class=\"qodef-e-text\">\n                <h3 itemprop=\"name\" class=\"qodef-e-title entry-title\" >\n\t<a itemprop=\"url\" class=\"qodef-e-title-link\" href=\"https:\/\/mx1gpbrasil.alperprojetos.com.br\/index.php\/2026\/06\/30\/mx1gp-brasil-recebera-etapas-do-campeonato-sul-americano-de-motocross-mx1-mx2\/\" title=\"MX1GP Brasil receber\u00e1 etapas do Campeonato Sul-Americano de Motocross MX1\/MX2\">\n\t\tMX1GP Brasil receber\u00e1 etapas do Campeonato Sul-Americano de Motocross MX1\/MX2\t<\/a>\n<\/h3>        <p itemprop=\"description\" class=\"qodef-e-excerpt\">\n\t\t\tA FIM Latin America (FIMLA) oficializou: o Campeonato Sul-Americano de Motocross MX1\/MX2 vai ser sediado em territ\u00f3rio brasileiro. As tr\u00eas etapas ser\u00e3o realizadas junto ao MX1GP Brasil Sportbay 2026. A abertura ser\u00e1 em Santa Cruz do Capibaribe, no estado de Pernambuco. Conforme a institui\u00e7\u00e3o, a competi\u00e7\u00e3o visa fomentar ainda mais a competitividade da modalidade no [&hellip;]        <\/p>\n\t            <\/div>\n            <div class=\"qodef-e-info qodef-info--bottom\">\n                \t<div class=\"qodef-e-read-more\">\n\t\t<a class=\"qodef-shortcode qodef-m qodef-button qodef-layout--textual qodef-html--link\" href=\"https:\/\/mx1gpbrasil.alperprojetos.com.br\/index.php\/2026\/06\/30\/mx1gp-brasil-recebera-etapas-do-campeonato-sul-americano-de-motocross-mx1-mx2\/\" target=\"_self\"  >\t<span class=\"qodef-m-text\">Read More<\/span><\/a>\t<\/div>\n            <\/div>\n        <\/div>\n    <\/div>\n<\/article><article class=\"qodef-e qodef-grid-item qodef-item--full post-73029 post type-post status-publish format-standard has-post-thumbnail hentry category-motocross\">\n    <div class=\"qodef-e-inner\">\n        <div class=\"qodef-e-media\">\n                <div class=\"qodef-e-media-image\">\n        <a itemprop=\"url\" href=\"https:\/\/mx1gpbrasil.alperprojetos.com.br\/index.php\/2026\/06\/29\/promox-celebra-trajetoria-de-roberto-boettcher-durante-etapa-de-goiania\/\" title=\"Promox celebra trajet\u00f3ria de Roberto Boettcher durante etapa de Goi\u00e2nia\">\n            <img loading=\"lazy\" decoding=\"async\" width=\"1024\" height=\"763\" src=\"https:\/\/mx1gpbrasil.alperprojetos.com.br\/wp-content\/uploads\/2026\/06\/MoZ_Podio_DOMINGO-1-1-2-1024x763-1.jpg\" class=\"attachment-full size-full wp-post-image\" alt=\"\" srcset=\"https:\/\/mx1gpbrasil.alperprojetos.com.br\/wp-content\/uploads\/2026\/06\/MoZ_Podio_DOMINGO-1-1-2-1024x763-1.jpg 1024w, https:\/\/mx1gpbrasil.alperprojetos.com.br\/wp-content\/uploads\/2026\/06\/MoZ_Podio_DOMINGO-1-1-2-1024x763-1-300x224.jpg 300w, https:\/\/mx1gpbrasil.alperprojetos.com.br\/wp-content\/uploads\/2026\/06\/MoZ_Podio_DOMINGO-1-1-2-1024x763-1-768x572.jpg 768w, https:\/\/mx1gpbrasil.alperprojetos.com.br\/wp-content\/uploads\/2026\/06\/MoZ_Podio_DOMINGO-1-1-2-1024x763-1-128x95.jpg 128w, https:\/\/mx1gpbrasil.alperprojetos.com.br\/wp-content\/uploads\/2026\/06\/MoZ_Podio_DOMINGO-1-1-2-1024x763-1-32x24.jpg 32w, https:\/\/mx1gpbrasil.alperprojetos.com.br\/wp-content\/uploads\/2026\/06\/MoZ_Podio_DOMINGO-1-1-2-1024x763-1-600x447.jpg 600w\" sizes=\"auto, (max-width: 1024px) 100vw, 1024px\" \/>        <\/a>\n    <\/div>\n\n        <\/div>\n        <div class=\"qodef-e-content\">\n            <div class=\"qodef-e-info qodef-info--top\">\n                <div class=\"qodef-e-info-item qodef-e-info-category\">\n\t<a href=\"https:\/\/mx1gpbrasil.alperprojetos.com.br\/index.php\/category\/motocross\/\" rel=\"category tag\">MOTOCROSS<\/a><\/div>\n<div itemprop=\"dateCreated\" class=\"qodef-e-info-item qodef-e-info-date entry-date \">\n    <a itemprop=\"url\" href=\"https:\/\/mx1gpbrasil.alperprojetos.com.br\/index.php\/2026\/06\/\"\n       title=\"Promox celebra trajet\u00f3ria de Roberto Boettcher durante etapa de Goi\u00e2nia\">junho 29, 2026<\/a>\n    <meta itemprop=\"interactionCount\" content=\"UserComments: 0\"\/>\n<\/div>\n            <\/div>\n            <div class=\"qodef-e-text\">\n                <h3 itemprop=\"name\" class=\"qodef-e-title entry-title\" >\n\t<a itemprop=\"url\" class=\"qodef-e-title-link\" href=\"https:\/\/mx1gpbrasil.alperprojetos.com.br\/index.php\/2026\/06\/29\/promox-celebra-trajetoria-de-roberto-boettcher-durante-etapa-de-goiania\/\" title=\"Promox celebra trajet\u00f3ria de Roberto Boettcher durante etapa de Goi\u00e2nia\">\n\t\tPromox celebra trajet\u00f3ria de Roberto Boettcher durante etapa de Goi\u00e2nia\t<\/a>\n<\/h3>        <p itemprop=\"description\" class=\"qodef-e-excerpt\">\n\t\t\tA Promox, promotora do MX1GP Brasil Sportbay 2026, homenageou um dos grandes nomes do motocross brasileiro durante a etapa de Goi\u00e2nia (GO), realizada entre os dias 18 e 21 de junho. Roberto Boettcher recebeu, no p\u00f3dio, um trof\u00e9u e uma placa em refer\u00eancia aos seus feitos no esporte, em especial pelos 50 anos do primeiro [&hellip;]        <\/p>\n\t            <\/div>\n            <div class=\"qodef-e-info qodef-info--bottom\">\n                \t<div class=\"qodef-e-read-more\">\n\t\t<a class=\"qodef-shortcode qodef-m qodef-button qodef-layout--textual qodef-html--link\" href=\"https:\/\/mx1gpbrasil.alperprojetos.com.br\/index.php\/2026\/06\/29\/promox-celebra-trajetoria-de-roberto-boettcher-durante-etapa-de-goiania\/\" target=\"_self\"  >\t<span class=\"qodef-m-text\">Read More<\/span><\/a>\t<\/div>\n            <\/div>\n        <\/div>\n    <\/div>\n<\/article><article class=\"qodef-e qodef-grid-item qodef-item--full post-72997 post type-post status-publish format-standard has-post-thumbnail hentry category-motocross\">\n    <div class=\"qodef-e-inner\">\n        <div class=\"qodef-e-media\">\n                <div class=\"qodef-e-media-image\">\n        <a itemprop=\"url\" href=\"https:\/\/mx1gpbrasil.alperprojetos.com.br\/index.php\/2026\/06\/24\/retorno-de-goiania-ao-motocross-nacional-reune-40-mil-pessoas-no-mx1gp-brasil\/\" title=\"Retorno de Goi\u00e2nia ao motocross nacional re\u00fane 40 mil pessoas no MX1GP Brasil\">\n            <img loading=\"lazy\" decoding=\"async\" width=\"1024\" height=\"576\" src=\"https:\/\/mx1gpbrasil.alperprojetos.com.br\/wp-content\/uploads\/2026\/06\/MoZ_Sab-40-1-1024x576-1.jpg\" class=\"attachment-full size-full wp-post-image\" alt=\"\" srcset=\"https:\/\/mx1gpbrasil.alperprojetos.com.br\/wp-content\/uploads\/2026\/06\/MoZ_Sab-40-1-1024x576-1.jpg 1024w, https:\/\/mx1gpbrasil.alperprojetos.com.br\/wp-content\/uploads\/2026\/06\/MoZ_Sab-40-1-1024x576-1-300x169.jpg 300w, https:\/\/mx1gpbrasil.alperprojetos.com.br\/wp-content\/uploads\/2026\/06\/MoZ_Sab-40-1-1024x576-1-768x432.jpg 768w, https:\/\/mx1gpbrasil.alperprojetos.com.br\/wp-content\/uploads\/2026\/06\/MoZ_Sab-40-1-1024x576-1-128x72.jpg 128w, https:\/\/mx1gpbrasil.alperprojetos.com.br\/wp-content\/uploads\/2026\/06\/MoZ_Sab-40-1-1024x576-1-32x18.jpg 32w, https:\/\/mx1gpbrasil.alperprojetos.com.br\/wp-content\/uploads\/2026\/06\/MoZ_Sab-40-1-1024x576-1-600x338.jpg 600w\" sizes=\"auto, (max-width: 1024px) 100vw, 1024px\" \/>        <\/a>\n    <\/div>\n\n        <\/div>\n        <div class=\"qodef-e-content\">\n            <div class=\"qodef-e-info qodef-info--top\">\n                <div class=\"qodef-e-info-item qodef-e-info-category\">\n\t<a href=\"https:\/\/mx1gpbrasil.alperprojetos.com.br\/index.php\/category\/motocross\/\" rel=\"category tag\">MOTOCROSS<\/a><\/div>\n<div itemprop=\"dateCreated\" class=\"qodef-e-info-item qodef-e-info-date entry-date \">\n    <a itemprop=\"url\" href=\"https:\/\/mx1gpbrasil.alperprojetos.com.br\/index.php\/2026\/06\/\"\n       title=\"Retorno de Goi\u00e2nia ao motocross nacional re\u00fane 40 mil pessoas no MX1GP Brasil\">junho 24, 2026<\/a>\n    <meta itemprop=\"interactionCount\" content=\"UserComments: 0\"\/>\n<\/div>\n            <\/div>\n            <div class=\"qodef-e-text\">\n                <h3 itemprop=\"name\" class=\"qodef-e-title entry-title\" >\n\t<a itemprop=\"url\" class=\"qodef-e-title-link\" href=\"https:\/\/mx1gpbrasil.alperprojetos.com.br\/index.php\/2026\/06\/24\/retorno-de-goiania-ao-motocross-nacional-reune-40-mil-pessoas-no-mx1gp-brasil\/\" title=\"Retorno de Goi\u00e2nia ao motocross nacional re\u00fane 40 mil pessoas no MX1GP Brasil\">\n\t\tRetorno de Goi\u00e2nia ao motocross nacional re\u00fane 40 mil pessoas no MX1GP Brasil\t<\/a>\n<\/h3>        <p itemprop=\"description\" class=\"qodef-e-excerpt\">\n\t\t\tDepois de 28 anos, Goi\u00e2nia foi palco de uma competi\u00e7\u00e3o nacional de motocross. O retorno triunfal aconteceu \u00e0s margens do km 7 da Rodovia GO-020. Entre os dias 19 e 21 de junho, uma grandiosa e din\u00e2mica estrutura acolheu mais de 300 pilotos e cerca de 40 mil pessoas na 6\u00aa etapa do MX1GP Brasil [&hellip;]        <\/p>\n\t            <\/div>\n            <div class=\"qodef-e-info qodef-info--bottom\">\n                \t<div class=\"qodef-e-read-more\">\n\t\t<a class=\"qodef-shortcode qodef-m qodef-button qodef-layout--textual qodef-html--link\" href=\"https:\/\/mx1gpbrasil.alperprojetos.com.br\/index.php\/2026\/06\/24\/retorno-de-goiania-ao-motocross-nacional-reune-40-mil-pessoas-no-mx1gp-brasil\/\" target=\"_self\"  >\t<span class=\"qodef-m-text\">Read More<\/span><\/a>\t<\/div>\n            <\/div>\n        <\/div>\n    <\/div>\n<\/article><article class=\"qodef-e qodef-grid-item qodef-item--full post-72968 post type-post status-publish format-standard has-post-thumbnail hentry category-motocross\">\n    <div class=\"qodef-e-inner\">\n        <div class=\"qodef-e-media\">\n                <div class=\"qodef-e-media-image\">\n        <a itemprop=\"url\" href=\"https:\/\/mx1gpbrasil.alperprojetos.com.br\/index.php\/2026\/06\/22\/lideres-nao-vencem-no-domingo-e-disputas-por-titulo-esquentam-em-goiania\/\" title=\"L\u00edderes n\u00e3o vencem no domingo e disputas por t\u00edtulo esquentam em Goi\u00e2nia\">\n            <img loading=\"lazy\" decoding=\"async\" width=\"1024\" height=\"576\" src=\"https:\/\/mx1gpbrasil.alperprojetos.com.br\/wp-content\/uploads\/2026\/06\/MoZ_DOMINGO-49-1024x576-1.jpg\" class=\"attachment-full size-full wp-post-image\" alt=\"\" srcset=\"https:\/\/mx1gpbrasil.alperprojetos.com.br\/wp-content\/uploads\/2026\/06\/MoZ_DOMINGO-49-1024x576-1.jpg 1024w, https:\/\/mx1gpbrasil.alperprojetos.com.br\/wp-content\/uploads\/2026\/06\/MoZ_DOMINGO-49-1024x576-1-300x169.jpg 300w, https:\/\/mx1gpbrasil.alperprojetos.com.br\/wp-content\/uploads\/2026\/06\/MoZ_DOMINGO-49-1024x576-1-768x432.jpg 768w, https:\/\/mx1gpbrasil.alperprojetos.com.br\/wp-content\/uploads\/2026\/06\/MoZ_DOMINGO-49-1024x576-1-128x72.jpg 128w, https:\/\/mx1gpbrasil.alperprojetos.com.br\/wp-content\/uploads\/2026\/06\/MoZ_DOMINGO-49-1024x576-1-32x18.jpg 32w, https:\/\/mx1gpbrasil.alperprojetos.com.br\/wp-content\/uploads\/2026\/06\/MoZ_DOMINGO-49-1024x576-1-600x338.jpg 600w\" sizes=\"auto, (max-width: 1024px) 100vw, 1024px\" \/>        <\/a>\n    <\/div>\n\n        <\/div>\n        <div class=\"qodef-e-content\">\n            <div class=\"qodef-e-info qodef-info--top\">\n                <div class=\"qodef-e-info-item qodef-e-info-category\">\n\t<a href=\"https:\/\/mx1gpbrasil.alperprojetos.com.br\/index.php\/category\/motocross\/\" rel=\"category tag\">MOTOCROSS<\/a><\/div>\n<div itemprop=\"dateCreated\" class=\"qodef-e-info-item qodef-e-info-date entry-date \">\n    <a itemprop=\"url\" href=\"https:\/\/mx1gpbrasil.alperprojetos.com.br\/index.php\/2026\/06\/\"\n       title=\"L\u00edderes n\u00e3o vencem no domingo e disputas por t\u00edtulo esquentam em Goi\u00e2nia\">junho 22, 2026<\/a>\n    <meta itemprop=\"interactionCount\" content=\"UserComments: 0\"\/>\n<\/div>\n            <\/div>\n            <div class=\"qodef-e-text\">\n                <h3 itemprop=\"name\" class=\"qodef-e-title entry-title\" >\n\t<a itemprop=\"url\" class=\"qodef-e-title-link\" href=\"https:\/\/mx1gpbrasil.alperprojetos.com.br\/index.php\/2026\/06\/22\/lideres-nao-vencem-no-domingo-e-disputas-por-titulo-esquentam-em-goiania\/\" title=\"L\u00edderes n\u00e3o vencem no domingo e disputas por t\u00edtulo esquentam em Goi\u00e2nia\">\n\t\tL\u00edderes n\u00e3o vencem no domingo e disputas por t\u00edtulo esquentam em Goi\u00e2nia\t<\/a>\n<\/h3>        <p itemprop=\"description\" class=\"qodef-e-excerpt\">\n\t\t\tA 6\u00aa etapa do MX1GP Brasil Sportbay 2026 terminou com um clima ainda mais quente em termos de disputa pelos t\u00edtulos das categorias realizadas neste domingo, 21 de junho, em Goi\u00e2nia. Os \u201cred plates\u201d n\u00e3o venceram e viram suas vantagens diminuir em rela\u00e7\u00e3o aos vencedores das provas. Glenn Coldenhoff teve um fim de semana perfeito [&hellip;]        <\/p>\n\t            <\/div>\n            <div class=\"qodef-e-info qodef-info--bottom\">\n                \t<div class=\"qodef-e-read-more\">\n\t\t<a class=\"qodef-shortcode qodef-m qodef-button qodef-layout--textual qodef-html--link\" href=\"https:\/\/mx1gpbrasil.alperprojetos.com.br\/index.php\/2026\/06\/22\/lideres-nao-vencem-no-domingo-e-disputas-por-titulo-esquentam-em-goiania\/\" target=\"_self\"  >\t<span class=\"qodef-m-text\">Read More<\/span><\/a>\t<\/div>\n            <\/div>\n        <\/div>\n    <\/div>\n<\/article><article class=\"qodef-e qodef-grid-item qodef-item--full post-72954 post type-post status-publish format-standard has-post-thumbnail hentry category-motocross\">\n    <div class=\"qodef-e-inner\">\n        <div class=\"qodef-e-media\">\n                <div class=\"qodef-e-media-image\">\n        <a itemprop=\"url\" href=\"https:\/\/mx1gpbrasil.alperprojetos.com.br\/index.php\/2026\/06\/22\/conhecidos-os-primeiros-campeoes-da-temporada-2026\/\" title=\"Conhecidos os primeiros campe\u00f5es da temporada 2026\">\n            <img loading=\"lazy\" decoding=\"async\" width=\"1024\" height=\"576\" src=\"https:\/\/mx1gpbrasil.alperprojetos.com.br\/wp-content\/uploads\/2026\/06\/MoZ_DOMINGO-39-1024x576-1.jpg\" class=\"attachment-full size-full wp-post-image\" alt=\"\" srcset=\"https:\/\/mx1gpbrasil.alperprojetos.com.br\/wp-content\/uploads\/2026\/06\/MoZ_DOMINGO-39-1024x576-1.jpg 1024w, https:\/\/mx1gpbrasil.alperprojetos.com.br\/wp-content\/uploads\/2026\/06\/MoZ_DOMINGO-39-1024x576-1-300x169.jpg 300w, https:\/\/mx1gpbrasil.alperprojetos.com.br\/wp-content\/uploads\/2026\/06\/MoZ_DOMINGO-39-1024x576-1-768x432.jpg 768w, https:\/\/mx1gpbrasil.alperprojetos.com.br\/wp-content\/uploads\/2026\/06\/MoZ_DOMINGO-39-1024x576-1-128x72.jpg 128w, https:\/\/mx1gpbrasil.alperprojetos.com.br\/wp-content\/uploads\/2026\/06\/MoZ_DOMINGO-39-1024x576-1-32x18.jpg 32w, https:\/\/mx1gpbrasil.alperprojetos.com.br\/wp-content\/uploads\/2026\/06\/MoZ_DOMINGO-39-1024x576-1-600x338.jpg 600w\" sizes=\"auto, (max-width: 1024px) 100vw, 1024px\" \/>        <\/a>\n    <\/div>\n\n        <\/div>\n        <div class=\"qodef-e-content\">\n            <div class=\"qodef-e-info qodef-info--top\">\n                <div class=\"qodef-e-info-item qodef-e-info-category\">\n\t<a href=\"https:\/\/mx1gpbrasil.alperprojetos.com.br\/index.php\/category\/motocross\/\" rel=\"category tag\">MOTOCROSS<\/a><\/div>\n<div itemprop=\"dateCreated\" class=\"qodef-e-info-item qodef-e-info-date entry-date \">\n    <a itemprop=\"url\" href=\"https:\/\/mx1gpbrasil.alperprojetos.com.br\/index.php\/2026\/06\/\"\n       title=\"Conhecidos os primeiros campe\u00f5es da temporada 2026\">junho 22, 2026<\/a>\n    <meta itemprop=\"interactionCount\" content=\"UserComments: 0\"\/>\n<\/div>\n            <\/div>\n            <div class=\"qodef-e-text\">\n                <h3 itemprop=\"name\" class=\"qodef-e-title entry-title\" >\n\t<a itemprop=\"url\" class=\"qodef-e-title-link\" href=\"https:\/\/mx1gpbrasil.alperprojetos.com.br\/index.php\/2026\/06\/22\/conhecidos-os-primeiros-campeoes-da-temporada-2026\/\" title=\"Conhecidos os primeiros campe\u00f5es da temporada 2026\">\n\t\tConhecidos os primeiros campe\u00f5es da temporada 2026\t<\/a>\n<\/h3>        <p itemprop=\"description\" class=\"qodef-e-excerpt\">\n\t\t\tGoi\u00e2nia foi palco dos primeiros gritos de \u201c\u00e9 campe\u00e3o\u201d do MX1GP Brasil Sportbay 2026. Neste domingo, 21, Zion Berchtdold e Victor Hugo da Rocha sagraram-se campe\u00f5es das categorias referente \u00e0 classe monomarca YZ 125, depois de dois dias de provas emocionantes e que definiram os t\u00edtulos ponto a ponto. As provas de s\u00e1bado mantiveram a [&hellip;]        <\/p>\n\t            <\/div>\n            <div class=\"qodef-e-info qodef-info--bottom\">\n                \t<div class=\"qodef-e-read-more\">\n\t\t<a class=\"qodef-shortcode qodef-m qodef-button qodef-layout--textual qodef-html--link\" href=\"https:\/\/mx1gpbrasil.alperprojetos.com.br\/index.php\/2026\/06\/22\/conhecidos-os-primeiros-campeoes-da-temporada-2026\/\" target=\"_self\"  >\t<span class=\"qodef-m-text\">Read More<\/span><\/a>\t<\/div>\n            <\/div>\n        <\/div>\n    <\/div>\n<\/article><article class=\"qodef-e qodef-grid-item qodef-item--full post-72979 post type-post status-publish format-standard has-post-thumbnail hentry category-resultados category-resultados-2026\">\n    <div class=\"qodef-e-inner\">\n        <div class=\"qodef-e-media\">\n                <div class=\"qodef-e-media-image\">\n        <a itemprop=\"url\" href=\"https:\/\/mx1gpbrasil.alperprojetos.com.br\/index.php\/2026\/06\/21\/resultados-6a-etapa-mx1-gp-brasil-2026-goiania-go\/\" title=\"Resultados 6\u00aa Etapa \u2013 MX1 GP Brasil 2026 | Goi\u00e2nia &#8211; GO\">\n            <img loading=\"lazy\" decoding=\"async\" width=\"2560\" height=\"1707\" src=\"https:\/\/mx1gpbrasil.alperprojetos.com.br\/wp-content\/uploads\/2026\/05\/IMG_0916-scaled-1.jpg\" class=\"attachment-full size-full wp-post-image\" alt=\"\" srcset=\"https:\/\/mx1gpbrasil.alperprojetos.com.br\/wp-content\/uploads\/2026\/05\/IMG_0916-scaled-1.jpg 2560w, https:\/\/mx1gpbrasil.alperprojetos.com.br\/wp-content\/uploads\/2026\/05\/IMG_0916-scaled-1-300x200.jpg 300w, https:\/\/mx1gpbrasil.alperprojetos.com.br\/wp-content\/uploads\/2026\/05\/IMG_0916-scaled-1-1024x683.jpg 1024w, https:\/\/mx1gpbrasil.alperprojetos.com.br\/wp-content\/uploads\/2026\/05\/IMG_0916-scaled-1-768x512.jpg 768w, https:\/\/mx1gpbrasil.alperprojetos.com.br\/wp-content\/uploads\/2026\/05\/IMG_0916-scaled-1-1536x1024.jpg 1536w, https:\/\/mx1gpbrasil.alperprojetos.com.br\/wp-content\/uploads\/2026\/05\/IMG_0916-scaled-1-2048x1366.jpg 2048w, https:\/\/mx1gpbrasil.alperprojetos.com.br\/wp-content\/uploads\/2026\/05\/IMG_0916-scaled-1-128x85.jpg 128w, https:\/\/mx1gpbrasil.alperprojetos.com.br\/wp-content\/uploads\/2026\/05\/IMG_0916-scaled-1-32x21.jpg 32w, https:\/\/mx1gpbrasil.alperprojetos.com.br\/wp-content\/uploads\/2026\/05\/IMG_0916-scaled-1-600x400.jpg 600w\" sizes=\"auto, (max-width: 2560px) 100vw, 2560px\" \/>        <\/a>\n    <\/div>\n\n        <\/div>\n        <div class=\"qodef-e-content\">\n            <div class=\"qodef-e-info qodef-info--top\">\n                <div class=\"qodef-e-info-item qodef-e-info-category\">\n\t<a href=\"https:\/\/mx1gpbrasil.alperprojetos.com.br\/index.php\/category\/resultados\/\" rel=\"category tag\">RESULTADOS<\/a>, <a href=\"https:\/\/mx1gpbrasil.alperprojetos.com.br\/index.php\/category\/resultados-2026\/\" rel=\"category tag\">RESULTADOS 2026<\/a><\/div>\n<div itemprop=\"dateCreated\" class=\"qodef-e-info-item qodef-e-info-date entry-date \">\n    <a itemprop=\"url\" href=\"https:\/\/mx1gpbrasil.alperprojetos.com.br\/index.php\/2026\/06\/\"\n       title=\"Resultados 6\u00aa Etapa \u2013 MX1 GP Brasil 2026 | Goi\u00e2nia &#8211; GO\">junho 21, 2026<\/a>\n    <meta itemprop=\"interactionCount\" content=\"UserComments: 0\"\/>\n<\/div>\n            <\/div>\n            <div class=\"qodef-e-text\">\n                <h3 itemprop=\"name\" class=\"qodef-e-title entry-title\" >\n\t<a itemprop=\"url\" class=\"qodef-e-title-link\" href=\"https:\/\/mx1gpbrasil.alperprojetos.com.br\/index.php\/2026\/06\/21\/resultados-6a-etapa-mx1-gp-brasil-2026-goiania-go\/\" title=\"Resultados 6\u00aa Etapa \u2013 MX1 GP Brasil 2026 | Goi\u00e2nia &#8211; GO\">\n\t\tResultados 6\u00aa Etapa \u2013 MX1 GP Brasil 2026 | Goi\u00e2nia &#8211; GO\t<\/a>\n<\/h3>        <p itemprop=\"description\" class=\"qodef-e-excerpt\">\n\t\t\t6\u00aa Etapa BRMX 2026 \u2014 Goi\u00e2nia\/GO \u2014 Classifica\u00e7\u00e3o BRMX 2026 6\u00aa Etapa Resultado Geral \u00b7 Goi\u00e2nia \u2014 GO MX1 GP Brasil Sportbay &nbsp;\u00b7&nbsp; 20\u201321 de junho de 2026 MX1 MX2 MX3 MXF MX JR MX2JR MX4 65cc 50cc YZ125 MX1 6\u00aa Etapa \u00b7 Goi\u00e2nia 2026 PDF Cronometragem Pos N\u00b0 Nome Total Diff C1 C2 MX2 [&hellip;]        <\/p>\n\t            <\/div>\n            <div class=\"qodef-e-info qodef-info--bottom\">\n                \t<div class=\"qodef-e-read-more\">\n\t\t<a class=\"qodef-shortcode qodef-m qodef-button qodef-layout--textual qodef-html--link\" href=\"https:\/\/mx1gpbrasil.alperprojetos.com.br\/index.php\/2026\/06\/21\/resultados-6a-etapa-mx1-gp-brasil-2026-goiania-go\/\" target=\"_self\"  >\t<span class=\"qodef-m-text\">Read More<\/span><\/a>\t<\/div>\n            <\/div>\n        <\/div>\n    <\/div>\n<\/article><article class=\"qodef-e qodef-grid-item qodef-item--full post-72940 post type-post status-publish format-standard has-post-thumbnail hentry category-motocross\">\n    <div class=\"qodef-e-inner\">\n        <div class=\"qodef-e-media\">\n                <div class=\"qodef-e-media-image\">\n        <a itemprop=\"url\" href=\"https:\/\/mx1gpbrasil.alperprojetos.com.br\/index.php\/2026\/06\/21\/sabado-emocionante-abrem-provas-oficiais-da-6a-etapa-do-mx1gp-brasil\/\" title=\"S\u00e1bado emocionante abrem provas oficiais da 6\u00aa etapa do MX1GP Brasil\">\n            <img loading=\"lazy\" decoding=\"async\" width=\"1024\" height=\"683\" src=\"https:\/\/mx1gpbrasil.alperprojetos.com.br\/wp-content\/uploads\/2026\/06\/MoZ_Sab-37-1024x683-1.jpg\" class=\"attachment-full size-full wp-post-image\" alt=\"\" srcset=\"https:\/\/mx1gpbrasil.alperprojetos.com.br\/wp-content\/uploads\/2026\/06\/MoZ_Sab-37-1024x683-1.jpg 1024w, https:\/\/mx1gpbrasil.alperprojetos.com.br\/wp-content\/uploads\/2026\/06\/MoZ_Sab-37-1024x683-1-300x200.jpg 300w, https:\/\/mx1gpbrasil.alperprojetos.com.br\/wp-content\/uploads\/2026\/06\/MoZ_Sab-37-1024x683-1-768x512.jpg 768w, https:\/\/mx1gpbrasil.alperprojetos.com.br\/wp-content\/uploads\/2026\/06\/MoZ_Sab-37-1024x683-1-128x85.jpg 128w, https:\/\/mx1gpbrasil.alperprojetos.com.br\/wp-content\/uploads\/2026\/06\/MoZ_Sab-37-1024x683-1-32x21.jpg 32w, https:\/\/mx1gpbrasil.alperprojetos.com.br\/wp-content\/uploads\/2026\/06\/MoZ_Sab-37-1024x683-1-600x400.jpg 600w\" sizes=\"auto, (max-width: 1024px) 100vw, 1024px\" \/>        <\/a>\n    <\/div>\n\n        <\/div>\n        <div class=\"qodef-e-content\">\n            <div class=\"qodef-e-info qodef-info--top\">\n                <div class=\"qodef-e-info-item qodef-e-info-category\">\n\t<a href=\"https:\/\/mx1gpbrasil.alperprojetos.com.br\/index.php\/category\/motocross\/\" rel=\"category tag\">MOTOCROSS<\/a><\/div>\n<div itemprop=\"dateCreated\" class=\"qodef-e-info-item qodef-e-info-date entry-date \">\n    <a itemprop=\"url\" href=\"https:\/\/mx1gpbrasil.alperprojetos.com.br\/index.php\/2026\/06\/\"\n       title=\"S\u00e1bado emocionante abrem provas oficiais da 6\u00aa etapa do MX1GP Brasil\">junho 21, 2026<\/a>\n    <meta itemprop=\"interactionCount\" content=\"UserComments: 0\"\/>\n<\/div>\n            <\/div>\n            <div class=\"qodef-e-text\">\n                <h3 itemprop=\"name\" class=\"qodef-e-title entry-title\" >\n\t<a itemprop=\"url\" class=\"qodef-e-title-link\" href=\"https:\/\/mx1gpbrasil.alperprojetos.com.br\/index.php\/2026\/06\/21\/sabado-emocionante-abrem-provas-oficiais-da-6a-etapa-do-mx1gp-brasil\/\" title=\"S\u00e1bado emocionante abrem provas oficiais da 6\u00aa etapa do MX1GP Brasil\">\n\t\tS\u00e1bado emocionante abrem provas oficiais da 6\u00aa etapa do MX1GP Brasil\t<\/a>\n<\/h3>        <p itemprop=\"description\" class=\"qodef-e-excerpt\">\n\t\t\tDepois de 28 anos, o gate caiu para uma competi\u00e7\u00e3o nacional de motocross em Goi\u00e2nia-GO. A espera foi v\u00e1lida. As altas temperaturas estiveram dentre e fora da pista ao longo deste s\u00e1bado, 20, na grandiosa estrutura montada \u00e0s margens da km 07 da rodovia GO-020. Oito provas emocionantes apresentaram os primeiros vitoriosos da 6\u00aa etapa [&hellip;]        <\/p>\n\t            <\/div>\n            <div class=\"qodef-e-info qodef-info--bottom\">\n                \t<div class=\"qodef-e-read-more\">\n\t\t<a class=\"qodef-shortcode qodef-m qodef-button qodef-layout--textual qodef-html--link\" href=\"https:\/\/mx1gpbrasil.alperprojetos.com.br\/index.php\/2026\/06\/21\/sabado-emocionante-abrem-provas-oficiais-da-6a-etapa-do-mx1gp-brasil\/\" target=\"_self\"  >\t<span class=\"qodef-m-text\">Read More<\/span><\/a>\t<\/div>\n            <\/div>\n        <\/div>\n    <\/div>\n<\/article><article class=\"qodef-e qodef-grid-item qodef-item--full post-72937 post type-post status-publish format-standard has-post-thumbnail hentry category-motocross\">\n    <div class=\"qodef-e-inner\">\n        <div class=\"qodef-e-media\">\n                <div class=\"qodef-e-media-image\">\n        <a itemprop=\"url\" href=\"https:\/\/mx1gpbrasil.alperprojetos.com.br\/index.php\/2026\/06\/20\/glenn-coldenhoff-e-salvador-perez-faturam-prova-adiada-de-castro-pr\/\" title=\"Glenn Coldenhoff e Salvador P\u00e9rez faturam prova adiada de Castro\/PR\">\n            <img loading=\"lazy\" decoding=\"async\" width=\"1024\" height=\"763\" src=\"https:\/\/mx1gpbrasil.alperprojetos.com.br\/wp-content\/uploads\/2026\/06\/MoZ_Sab-16-1024x763-1.jpg\" class=\"attachment-full size-full wp-post-image\" alt=\"\" srcset=\"https:\/\/mx1gpbrasil.alperprojetos.com.br\/wp-content\/uploads\/2026\/06\/MoZ_Sab-16-1024x763-1.jpg 1024w, https:\/\/mx1gpbrasil.alperprojetos.com.br\/wp-content\/uploads\/2026\/06\/MoZ_Sab-16-1024x763-1-300x224.jpg 300w, https:\/\/mx1gpbrasil.alperprojetos.com.br\/wp-content\/uploads\/2026\/06\/MoZ_Sab-16-1024x763-1-768x572.jpg 768w, https:\/\/mx1gpbrasil.alperprojetos.com.br\/wp-content\/uploads\/2026\/06\/MoZ_Sab-16-1024x763-1-128x95.jpg 128w, https:\/\/mx1gpbrasil.alperprojetos.com.br\/wp-content\/uploads\/2026\/06\/MoZ_Sab-16-1024x763-1-32x24.jpg 32w, https:\/\/mx1gpbrasil.alperprojetos.com.br\/wp-content\/uploads\/2026\/06\/MoZ_Sab-16-1024x763-1-600x447.jpg 600w\" sizes=\"auto, (max-width: 1024px) 100vw, 1024px\" \/>        <\/a>\n    <\/div>\n\n        <\/div>\n        <div class=\"qodef-e-content\">\n            <div class=\"qodef-e-info qodef-info--top\">\n                <div class=\"qodef-e-info-item qodef-e-info-category\">\n\t<a href=\"https:\/\/mx1gpbrasil.alperprojetos.com.br\/index.php\/category\/motocross\/\" rel=\"category tag\">MOTOCROSS<\/a><\/div>\n<div itemprop=\"dateCreated\" class=\"qodef-e-info-item qodef-e-info-date entry-date \">\n    <a itemprop=\"url\" href=\"https:\/\/mx1gpbrasil.alperprojetos.com.br\/index.php\/2026\/06\/\"\n       title=\"Glenn Coldenhoff e Salvador P\u00e9rez faturam prova adiada de Castro\/PR\">junho 20, 2026<\/a>\n    <meta itemprop=\"interactionCount\" content=\"UserComments: 0\"\/>\n<\/div>\n            <\/div>\n            <div class=\"qodef-e-text\">\n                <h3 itemprop=\"name\" class=\"qodef-e-title entry-title\" >\n\t<a itemprop=\"url\" class=\"qodef-e-title-link\" href=\"https:\/\/mx1gpbrasil.alperprojetos.com.br\/index.php\/2026\/06\/20\/glenn-coldenhoff-e-salvador-perez-faturam-prova-adiada-de-castro-pr\/\" title=\"Glenn Coldenhoff e Salvador P\u00e9rez faturam prova adiada de Castro\/PR\">\n\t\tGlenn Coldenhoff e Salvador P\u00e9rez faturam prova adiada de Castro\/PR\t<\/a>\n<\/h3>        <p itemprop=\"description\" class=\"qodef-e-excerpt\">\n\t\t\tValeu a pena esperar. A expectativa pela prova MX1\/MX2, que deveria ter acontecido em Castro\/PR, n\u00e3o foi em v\u00e3o. Depois de quase dois meses, a etapa unificada das duas principais classes do MX1GP Brasil ocorreu no princ\u00edpio da tarde deste s\u00e1bado, 20, em Goi\u00e2nia. A festa foi da Yamaha na capital de Goi\u00e1s, com vit\u00f3rias [&hellip;]        <\/p>\n\t            <\/div>\n            <div class=\"qodef-e-info qodef-info--bottom\">\n                \t<div class=\"qodef-e-read-more\">\n\t\t<a class=\"qodef-shortcode qodef-m qodef-button qodef-layout--textual qodef-html--link\" href=\"https:\/\/mx1gpbrasil.alperprojetos.com.br\/index.php\/2026\/06\/20\/glenn-coldenhoff-e-salvador-perez-faturam-prova-adiada-de-castro-pr\/\" target=\"_self\"  >\t<span class=\"qodef-m-text\">Read More<\/span><\/a>\t<\/div>\n            <\/div>\n        <\/div>\n    <\/div>\n<\/article><article class=\"qodef-e qodef-grid-item qodef-item--full post-72924 post type-post status-publish format-standard has-post-thumbnail hentry category-motocross\">\n    <div class=\"qodef-e-inner\">\n        <div class=\"qodef-e-media\">\n                <div class=\"qodef-e-media-image\">\n        <a itemprop=\"url\" href=\"https:\/\/mx1gpbrasil.alperprojetos.com.br\/index.php\/2026\/06\/17\/goiania-tera-programacao-diferenciada-com-75-pontos-em-disputa-nas-classes-principais\/\" title=\"Goi\u00e2nia ter\u00e1 programa\u00e7\u00e3o diferenciada com 75 pontos em disputa nas classes principais\">\n            <img loading=\"lazy\" decoding=\"async\" width=\"815\" height=\"1024\" src=\"https:\/\/mx1gpbrasil.alperprojetos.com.br\/wp-content\/uploads\/2026\/06\/WhatsApp-Image-2026-06-17-at-17.44.23-3-815x1024-1.jpeg\" class=\"attachment-full size-full wp-post-image\" alt=\"\" srcset=\"https:\/\/mx1gpbrasil.alperprojetos.com.br\/wp-content\/uploads\/2026\/06\/WhatsApp-Image-2026-06-17-at-17.44.23-3-815x1024-1.jpeg 815w, https:\/\/mx1gpbrasil.alperprojetos.com.br\/wp-content\/uploads\/2026\/06\/WhatsApp-Image-2026-06-17-at-17.44.23-3-815x1024-1-239x300.jpeg 239w, https:\/\/mx1gpbrasil.alperprojetos.com.br\/wp-content\/uploads\/2026\/06\/WhatsApp-Image-2026-06-17-at-17.44.23-3-815x1024-1-768x965.jpeg 768w, https:\/\/mx1gpbrasil.alperprojetos.com.br\/wp-content\/uploads\/2026\/06\/WhatsApp-Image-2026-06-17-at-17.44.23-3-815x1024-1-102x128.jpeg 102w, https:\/\/mx1gpbrasil.alperprojetos.com.br\/wp-content\/uploads\/2026\/06\/WhatsApp-Image-2026-06-17-at-17.44.23-3-815x1024-1-25x32.jpeg 25w, https:\/\/mx1gpbrasil.alperprojetos.com.br\/wp-content\/uploads\/2026\/06\/WhatsApp-Image-2026-06-17-at-17.44.23-3-815x1024-1-600x754.jpeg 600w\" sizes=\"auto, (max-width: 815px) 100vw, 815px\" \/>        <\/a>\n    <\/div>\n\n        <\/div>\n        <div class=\"qodef-e-content\">\n            <div class=\"qodef-e-info qodef-info--top\">\n                <div class=\"qodef-e-info-item qodef-e-info-category\">\n\t<a href=\"https:\/\/mx1gpbrasil.alperprojetos.com.br\/index.php\/category\/motocross\/\" rel=\"category tag\">MOTOCROSS<\/a><\/div>\n<div itemprop=\"dateCreated\" class=\"qodef-e-info-item qodef-e-info-date entry-date \">\n    <a itemprop=\"url\" href=\"https:\/\/mx1gpbrasil.alperprojetos.com.br\/index.php\/2026\/06\/\"\n       title=\"Goi\u00e2nia ter\u00e1 programa\u00e7\u00e3o diferenciada com 75 pontos em disputa nas classes principais\">junho 17, 2026<\/a>\n    <meta itemprop=\"interactionCount\" content=\"UserComments: 0\"\/>\n<\/div>\n            <\/div>\n            <div class=\"qodef-e-text\">\n                <h3 itemprop=\"name\" class=\"qodef-e-title entry-title\" >\n\t<a itemprop=\"url\" class=\"qodef-e-title-link\" href=\"https:\/\/mx1gpbrasil.alperprojetos.com.br\/index.php\/2026\/06\/17\/goiania-tera-programacao-diferenciada-com-75-pontos-em-disputa-nas-classes-principais\/\" title=\"Goi\u00e2nia ter\u00e1 programa\u00e7\u00e3o diferenciada com 75 pontos em disputa nas classes principais\">\n\t\tGoi\u00e2nia ter\u00e1 programa\u00e7\u00e3o diferenciada com 75 pontos em disputa nas classes principais\t<\/a>\n<\/h3>        <p itemprop=\"description\" class=\"qodef-e-excerpt\">\n\t\t\tUma din\u00e2mica diferenciada foi montada para a 6\u00aa etapa do MX1GP Brasil Sportbay 2026, que acontece entre os dias 18 e 21 de junho. Al\u00e9m de apresentar os primeiros campe\u00f5es da temporada, Goi\u00e2nia contar\u00e1 com uma corrida a mais das classes principais, devido ao remanejamento da bateria final de Castro\/PR \u2013 transferida pelas quest\u00f5es clim\u00e1ticas. [&hellip;]        <\/p>\n\t            <\/div>\n            <div class=\"qodef-e-info qodef-info--bottom\">\n                \t<div class=\"qodef-e-read-more\">\n\t\t<a class=\"qodef-shortcode qodef-m qodef-button qodef-layout--textual qodef-html--link\" href=\"https:\/\/mx1gpbrasil.alperprojetos.com.br\/index.php\/2026\/06\/17\/goiania-tera-programacao-diferenciada-com-75-pontos-em-disputa-nas-classes-principais\/\" target=\"_self\"  >\t<span class=\"qodef-m-text\">Read More<\/span><\/a>\t<\/div>\n            <\/div>\n        <\/div>\n    <\/div>\n<\/article><article class=\"qodef-e qodef-grid-item qodef-item--full post-72921 post type-post status-publish format-standard has-post-thumbnail hentry category-motocross\">\n    <div class=\"qodef-e-inner\">\n        <div class=\"qodef-e-media\">\n                <div class=\"qodef-e-media-image\">\n        <a itemprop=\"url\" href=\"https:\/\/mx1gpbrasil.alperprojetos.com.br\/index.php\/2026\/06\/17\/campanha-duas-rodas-solidaria-mobilizara-etapa-de-goiania\/\" title=\"Campanha Duas Rodas Solid\u00e1ria mobilizar\u00e1 etapa de Goi\u00e2nia\">\n            <img loading=\"lazy\" decoding=\"async\" width=\"819\" height=\"1024\" src=\"https:\/\/mx1gpbrasil.alperprojetos.com.br\/wp-content\/uploads\/2026\/06\/WhatsApp-Image-2026-06-17-at-11.35.17-1-819x1024-1.jpeg\" class=\"attachment-full size-full wp-post-image\" alt=\"\" srcset=\"https:\/\/mx1gpbrasil.alperprojetos.com.br\/wp-content\/uploads\/2026\/06\/WhatsApp-Image-2026-06-17-at-11.35.17-1-819x1024-1.jpeg 819w, https:\/\/mx1gpbrasil.alperprojetos.com.br\/wp-content\/uploads\/2026\/06\/WhatsApp-Image-2026-06-17-at-11.35.17-1-819x1024-1-240x300.jpeg 240w, https:\/\/mx1gpbrasil.alperprojetos.com.br\/wp-content\/uploads\/2026\/06\/WhatsApp-Image-2026-06-17-at-11.35.17-1-819x1024-1-768x960.jpeg 768w, https:\/\/mx1gpbrasil.alperprojetos.com.br\/wp-content\/uploads\/2026\/06\/WhatsApp-Image-2026-06-17-at-11.35.17-1-819x1024-1-102x128.jpeg 102w, https:\/\/mx1gpbrasil.alperprojetos.com.br\/wp-content\/uploads\/2026\/06\/WhatsApp-Image-2026-06-17-at-11.35.17-1-819x1024-1-26x32.jpeg 26w, https:\/\/mx1gpbrasil.alperprojetos.com.br\/wp-content\/uploads\/2026\/06\/WhatsApp-Image-2026-06-17-at-11.35.17-1-819x1024-1-600x750.jpeg 600w\" sizes=\"auto, (max-width: 819px) 100vw, 819px\" \/>        <\/a>\n    <\/div>\n\n        <\/div>\n        <div class=\"qodef-e-content\">\n            <div class=\"qodef-e-info qodef-info--top\">\n                <div class=\"qodef-e-info-item qodef-e-info-category\">\n\t<a href=\"https:\/\/mx1gpbrasil.alperprojetos.com.br\/index.php\/category\/motocross\/\" rel=\"category tag\">MOTOCROSS<\/a><\/div>\n<div itemprop=\"dateCreated\" class=\"qodef-e-info-item qodef-e-info-date entry-date \">\n    <a itemprop=\"url\" href=\"https:\/\/mx1gpbrasil.alperprojetos.com.br\/index.php\/2026\/06\/\"\n       title=\"Campanha Duas Rodas Solid\u00e1ria mobilizar\u00e1 etapa de Goi\u00e2nia\">junho 17, 2026<\/a>\n    <meta itemprop=\"interactionCount\" content=\"UserComments: 0\"\/>\n<\/div>\n            <\/div>\n            <div class=\"qodef-e-text\">\n                <h3 itemprop=\"name\" class=\"qodef-e-title entry-title\" >\n\t<a itemprop=\"url\" class=\"qodef-e-title-link\" href=\"https:\/\/mx1gpbrasil.alperprojetos.com.br\/index.php\/2026\/06\/17\/campanha-duas-rodas-solidaria-mobilizara-etapa-de-goiania\/\" title=\"Campanha Duas Rodas Solid\u00e1ria mobilizar\u00e1 etapa de Goi\u00e2nia\">\n\t\tCampanha Duas Rodas Solid\u00e1ria mobilizar\u00e1 etapa de Goi\u00e2nia\t<\/a>\n<\/h3>        <p itemprop=\"description\" class=\"qodef-e-excerpt\">\n\t\t\tO MX1GP Brasil e a Confedera\u00e7\u00e3o Brasileira de Motociclismo (CBM) refor\u00e7am, mais uma vez, o compromisso com a\u00e7\u00f5es que v\u00e3o al\u00e9m das pistas. Durante a 6\u00aa etapa desta temporada, que acontece neste fim de semana em Goi\u00e2nia (GO), pilotos, equipes, profissionais do paddock e p\u00fablico poder\u00e3o participar da campanha Duas Rodas Solid\u00e1ria, iniciativa voltada \u00e0 [&hellip;]        <\/p>\n\t            <\/div>\n            <div class=\"qodef-e-info qodef-info--bottom\">\n                \t<div class=\"qodef-e-read-more\">\n\t\t<a class=\"qodef-shortcode qodef-m qodef-button qodef-layout--textual qodef-html--link\" href=\"https:\/\/mx1gpbrasil.alperprojetos.com.br\/index.php\/2026\/06\/17\/campanha-duas-rodas-solidaria-mobilizara-etapa-de-goiania\/\" target=\"_self\"  >\t<span class=\"qodef-m-text\">Read More<\/span><\/a>\t<\/div>\n            <\/div>\n        <\/div>\n    <\/div>\n<\/article>\t<\/div>\n\t\t<div class=\"qodef-m-pagination qodef--standard\">\n\t\t<div class=\"qodef-m-pagination-inner\">\n\t\t\t<nav class=\"qodef-m-pagination-items\" role=\"navigation\">\n\t\t\t\t<div class=\"qodef-m-pagination-item qodef--prev\">\n\t\t\t\t\t<a href=\"#\" data-paged=\"1\">\n                        <span class=\"qodef-m-pagination-arrow\"><\/span>\n\t\t\t\t\t<\/a>\n\t\t\t\t<\/div>\n\t\t\t\t\t\t\t\t\t<div class=\"qodef-m-pagination-item qodef--number qodef--number-1 qodef--active\">\n\t\t\t\t\t\t<a href=\"#\" data-paged=\"1\">01<\/a>\n\t\t\t\t\t<\/div>\n\t\t\t\t\t\t\t\t\t<div class=\"qodef-m-pagination-item qodef--number qodef--number-2 \">\n\t\t\t\t\t\t<a href=\"#\" data-paged=\"2\">02<\/a>\n\t\t\t\t\t<\/div>\n\t\t\t\t\t\t\t\t\t<div class=\"qodef-m-pagination-item qodef--number qodef--number-3 \">\n\t\t\t\t\t\t<a href=\"#\" data-paged=\"3\">03<\/a>\n\t\t\t\t\t<\/div>\n\t\t\t\t\t\t\t\t\t<div class=\"qodef-m-pagination-item qodef--number qodef--number-4 \">\n\t\t\t\t\t\t<a href=\"#\" data-paged=\"4\">04<\/a>\n\t\t\t\t\t<\/div>\n\t\t\t\t\t\t\t\t\t<div class=\"qodef-m-pagination-item qodef--number qodef--number-5 \">\n\t\t\t\t\t\t<a href=\"#\" data-paged=\"5\">05<\/a>\n\t\t\t\t\t<\/div>\n\t\t\t\t\t\t\t\t\t<div class=\"qodef-m-pagination-item qodef--number qodef--number-6 \">\n\t\t\t\t\t\t<a href=\"#\" data-paged=\"6\">06<\/a>\n\t\t\t\t\t<\/div>\n\t\t\t\t\t\t\t\t\t<div class=\"qodef-m-pagination-item qodef--number qodef--number-7 \">\n\t\t\t\t\t\t<a href=\"#\" data-paged=\"7\">07<\/a>\n\t\t\t\t\t<\/div>\n\t\t\t\t\t\t\t\t\t<div class=\"qodef-m-pagination-item qodef--number qodef--number-8 \">\n\t\t\t\t\t\t<a href=\"#\" data-paged=\"8\">08<\/a>\n\t\t\t\t\t<\/div>\n\t\t\t\t\t\t\t\t\t<div class=\"qodef-m-pagination-item qodef--number qodef--number-9 \">\n\t\t\t\t\t\t<a href=\"#\" data-paged=\"9\">09<\/a>\n\t\t\t\t\t<\/div>\n\t\t\t\t\t\t\t\t\t<div class=\"qodef-m-pagination-item qodef--number qodef--number-10 \">\n\t\t\t\t\t\t<a href=\"#\" data-paged=\"10\">10<\/a>\n\t\t\t\t\t<\/div>\n\t\t\t\t\t\t\t\t\t<div class=\"qodef-m-pagination-item qodef--number qodef--number-11 \">\n\t\t\t\t\t\t<a href=\"#\" data-paged=\"11\">11<\/a>\n\t\t\t\t\t<\/div>\n\t\t\t\t\t\t\t\t\t<div class=\"qodef-m-pagination-item qodef--number qodef--number-12 \">\n\t\t\t\t\t\t<a href=\"#\" data-paged=\"12\">12<\/a>\n\t\t\t\t\t<\/div>\n\t\t\t\t\t\t\t\t\t<div class=\"qodef-m-pagination-item qodef--number qodef--number-13 \">\n\t\t\t\t\t\t<a href=\"#\" data-paged=\"13\">13<\/a>\n\t\t\t\t\t<\/div>\n\t\t\t\t\t\t\t\t\t<div class=\"qodef-m-pagination-item qodef--number qodef--number-14 \">\n\t\t\t\t\t\t<a href=\"#\" data-paged=\"14\">14<\/a>\n\t\t\t\t\t<\/div>\n\t\t\t\t\t\t\t\t<div class=\"qodef-m-pagination-item qodef--next\">\n\t\t\t\t\t<a href=\"#\" data-paged=\"2\">\n                        <span class=\"qodef-m-pagination-arrow\"><\/span>\n\t\t\t\t\t<\/a>\n\t\t\t\t<\/div>\n\t\t\t<\/nav>\n\t\t<\/div>\n\t<\/div>\n<\/div>[\/vc_column][\/vc_row]<\/p>\n<\/div>","protected":false},"excerpt":{"rendered":"<p>[vc_row][vc_column css=&#8221;.vc_custom_1584115011375{padding-bottom: 0px !important;}&#8221; column_responsive_padding_1440=&#8221;0 15px 40px&#8221;][\/vc_column][\/vc_row]<\/p>\n","protected":false},"author":1,"featured_media":70784,"parent":0,"menu_order":0,"comment_status":"closed","ping_status":"closed","template":"","meta":{"footnotes":""},"class_list":["post-387","page","type-page","status-publish","has-post-thumbnail","hentry"],"_links":{"self":[{"href":"https:\/\/mx1gpbrasil.alperprojetos.com.br\/index.php\/wp-json\/wp\/v2\/pages\/387","targetHints":{"allow":["GET"]}}],"collection":[{"href":"https:\/\/mx1gpbrasil.alperprojetos.com.br\/index.php\/wp-json\/wp\/v2\/pages"}],"about":[{"href":"https:\/\/mx1gpbrasil.alperprojetos.com.br\/index.php\/wp-json\/wp\/v2\/types\/page"}],"author":[{"embeddable":true,"href":"https:\/\/mx1gpbrasil.alperprojetos.com.br\/index.php\/wp-json\/wp\/v2\/users\/1"}],"replies":[{"embeddable":true,"href":"https:\/\/mx1gpbrasil.alperprojetos.com.br\/index.php\/wp-json\/wp\/v2\/comments?post=387"}],"version-history":[{"count":7,"href":"https:\/\/mx1gpbrasil.alperprojetos.com.br\/index.php\/wp-json\/wp\/v2\/pages\/387\/revisions"}],"predecessor-version":[{"id":73322,"href":"https:\/\/mx1gpbrasil.alperprojetos.com.br\/index.php\/wp-json\/wp\/v2\/pages\/387\/revisions\/73322"}],"wp:featuredmedia":[{"embeddable":true,"href":"https:\/\/mx1gpbrasil.alperprojetos.com.br\/index.php\/wp-json\/wp\/v2\/media\/70784"}],"wp:attachment":[{"href":"https:\/\/mx1gpbrasil.alperprojetos.com.br\/index.php\/wp-json\/wp\/v2\/media?parent=387"}],"curies":[{"name":"wp","href":"https:\/\/api.w.org\/{rel}","templated":true}]}}